{"id":1292,"date":"2020-06-19T09:30:10","date_gmt":"2020-06-19T09:30:10","guid":{"rendered":"https:\/\/enricservera.com\/?page_id=1292"},"modified":"2025-06-13T22:40:05","modified_gmt":"2025-06-13T22:40:05","slug":"contacte","status":"publish","type":"page","link":"https:\/\/enricservera.com\/ca\/contacte\/","title":{"rendered":"Contacte &#8211; CAT"},"content":{"rendered":"<div class=\"wrapper\"><div id=\"\" class=\"column-section clearfix spaced-normal \"><div  class=\"column one-full last-col \" >\n<h1 style=\"text-align: left;\">Adquireix obres d\u2019art abstracte i participa en tallers \u00fanics<\/h1>\n<p style=\"text-align: left;\">Si vols adquirir una obra d\u2019art, encarregar una pe\u00e7a personalitzada o participar en tallers creatius, pots contactar a trav\u00e9s de correu electr\u00f2nic, tel\u00e8fon, xarxes socials o visitar-me personalment.<\/p>\n<p>Les meves creacions es poden trobar en espais de refer\u00e8ncia com<a href=\"https:\/\/galeriaretxa.com\/\" target=\"_blank\" rel=\"noopener\">\u00a0Galeria Retxa<\/a>,<a href=\"https:\/\/galeriaartara.com\/\" target=\"_blank\" rel=\"noopener\">\u00a0Galeria Artara<\/a>,<a href=\"https:\/\/www.paradisoimages.com\/\" target=\"_blank\" rel=\"noopener\">\u00a0Paradiso Images Gallery<\/a>,<a href=\"https:\/\/www.thewallgallery.es\/\" target=\"_blank\" rel=\"noopener\">\u00a0The Wall Gallery<\/a>\u00a0i<a href=\"https:\/\/tallerbalam.com\/\" target=\"_blank\" rel=\"noopener\">\u00a0Taller Balam<\/a>.<\/p>\n<p>Tamb\u00e9 ofereixo tallers com \u201cPaint like an artist\u201d, \u201cLight Painting\u201d o \u201cCollective Artwork\u201d, ideals per a escoles, museus i col\u00b7lectius que busquen una experi\u00e8ncia art\u00edstica significativa.<\/p>\n<p style=\"text-align: left;\">La creativitat \u00e9s el motor que impulsa la meva expressi\u00f3 art\u00edstica, des del tra\u00e7 lliure fins a la composici\u00f3 col\u00b7lectiva. Des de Barcelona, comparteixo aquest proc\u00e9s a trav\u00e9s de tres eixos: obra personal, tallers participatius i col\u00b7laboracions amb galeries.<\/p>\n<p style=\"text-align: left;\">Contactar \u00e9s el primer pas per iniciar un di\u00e0leg creatiu i obrir camins art\u00edstics compartits.<\/p>\n<\/div><\/div><\/div><div class=\"spacer spacer-big\"><\/div><div class=\"wrapper\"><div id=\"\" class=\"column-section clearfix spaced-normal \"><div  class=\"column one-third  \" >\n<h6><strong>ADQUISICI\u00d3 D&#8217;OBRA I ENC\u00c0RRECS:<\/strong><\/h6>\n<div class=\"spacer spacer-medium\"><\/div>\n<p><strong>Enric Servera Carreras<\/strong><\/p>\n<p><span class=\"s1\"><strong>Email:<\/strong><a href=\"mailto:enricservera@gmail.com\"> info@enricservera.com<\/a> <\/span><\/p>\n<p><span class=\"s1\"><strong>Tel\u00e8fon:<\/strong> +34 600 315 330<\/span><\/p>\n<p><strong>Localitzaci\u00f3:<\/strong> Barcelona &#8211; Menorca<\/p>\n<p><a href=\"https:\/\/www.facebook.com\/enric.serveracarreras\" target=\"_blank\" rel=\"noopener\"><strong>Facebook<\/strong><\/a><strong>\u00a0\u00a0\u00a0<\/strong><a href=\"https:\/\/www.instagram.com\/enric_servera\/?hl=en\" target=\"_blank\" rel=\"noopener\"><strong>Instagram<\/strong><\/a><\/p>\n<\/div><div  class=\"column one-third  \" >\n<h6><strong>GALERIES:<\/strong><\/h6>\n<div class=\"spacer spacer-medium\"><\/div>\n<p><strong>Artsy:<\/strong> <a href=\"https:\/\/www.artsy.net\/artist\/enric-servera\">artsy.net\/artist\/enric-servera<\/a><\/p>\n<p><strong>Paradiso Images: <\/strong><a href=\"https:\/\/www.paradisoimages.com\/shop\/47648522\/abstract-oceans\">paradisoimages.com\/shop\/<\/a><\/p>\n<p><span style=\"font-weight: 400;\"><strong>Galeria Retxa:<\/strong> <\/span><a href=\"https:\/\/galeriaretxa.com\/\" target=\"_blank\" rel=\"noopener\">galeriaretxa.com<\/a><\/p>\n<p><span style=\"font-weight: 400;\"><strong>Ana Yael Gallery:<\/strong> <\/span><a href=\"http:\/\/anayaelgallery.com\/\" target=\"_blank\" rel=\"noopener\">anayaelgallery.com<\/a><\/p>\n<p><span style=\"font-weight: 400;\"><strong>Galeria Argos:<\/strong> <\/span><a href=\"https:\/\/www.galeriaartara.com\/\" target=\"_blank\" rel=\"noopener\">galeriaartara.com<\/a><\/p>\n<\/div><div  class=\"column one-third last-col \" >\n<h6><strong>TALLERS:<\/strong><\/h6>\n<div class=\"spacer spacer-medium\"><\/div>\n<p><strong>Biribotis<\/strong><\/p>\n<p><span style=\"font-weight: 400;\"><strong>Email:<\/strong> <\/span><a href=\"mailto:biribotis@gmail.com\">biribotis@gmail.com<\/a><\/p>\n<p><strong>Web:<\/strong> biribotis.com<\/p>\n<p><strong>\u00a0<a href=\"https:\/\/www.facebook.com\/biribotis\/\" target=\"_blank\" rel=\"noopener\">Facebook<\/a>\u00a0\u00a0\u00a0<\/strong><a href=\"https:\/\/www.instagram.com\/biribotis_\/?hl=en\" target=\"_blank\" rel=\"noopener\"><strong>Instagram<\/strong><\/a><\/p>\n<\/div><\/div><\/div><div class=\"spacer spacer-big\"><\/div><div class=\"wrapper\"><div id=\"\" class=\"column-section clearfix spaced-normal \"><div  class=\"column one-full last-col \" >\n<h2><strong>Preguntes freq\u00fcents<\/strong><\/h2>\n<details open=\"open\">\n<summary><b>Com puc adquirir una obra d&#8217;art d&#8217;Enric Servera?<\/b><\/summary>\n<p>Per adquirir una obra d&#8217;art, pots contactar directament mitjan\u00e7ant el formulari web, correu electr\u00f2nic o tel\u00e8fon. Cada pe\u00e7a est\u00e0 feta amb t\u00e8cniques pr\u00f2pies d&#8217;art abstracte, amb disponibilitat limitada segons col\u00b7lecci\u00f3.<\/p>\n<p>Tamb\u00e9 pots trobar obres a galeries d&#8217;art com Galeria Retxa, Artara o The Wall Gallery. Et recomano consultar la disponibilitat i rebre assessorament personalitzat abans de la compra.<\/p>\n<\/details>\n<details open=\"open\">\n<summary><b>\u00c9s possible encarregar una obra personalitzada?<\/b><\/summary>\n<p>S\u00ed, faig enc\u00e0rrecs personalitzats tenint en compte els gustos, l\u2019espai i les emocions que vols transmetre. Parlem primer per definir colors, formats i t\u00e8cnica.<\/p>\n<p>Els projectes es treballen amb materials de qualitat, aportant valor a cada obra. \u00c9s ideal per a col\u00b7leccionistes o per regalar art \u00fanic i significatiu.<\/p>\n<\/details>\n<details open=\"open\">\n<summary><b>Quins tallers art\u00edstics ofereixo a Barcelona?<\/b><\/summary>\n<p>Ofereixo tallers com \u201cPaint like an artist\u201d, \u201cCollective Painting\u201d o \u201cLight Painting\u201d, pensats per a escoles, museus, esdeveniments i grups privats. L\u2019objectiu \u00e9s despertar la creativitat col\u00b7lectiva.<\/p>\n<p>Cada taller adapta el seu format al p\u00fablic participant, combinant t\u00e8cnica i expressi\u00f3 lliure. S\u00f3n activitats vivencials i educatives per a totes les edats.<\/p>\n<\/details>\n<details open=\"open\">\n<summary><b>On puc veure les obres d\u2019art exposades?<\/b><\/summary>\n<p>Les obres estan disponibles a diverses galeries de refer\u00e8ncia com<a href=\"https:\/\/galeriaretxa.com\/\" target=\"_blank\" rel=\"noopener\">\u00a0Galeria Retxa<\/a>,<a href=\"https:\/\/galeriaartara.com\/\" target=\"_blank\" rel=\"noopener\">\u00a0Artara<\/a>\u00a0i<a href=\"https:\/\/www.paradisoimages.com\/\" target=\"_blank\" rel=\"noopener\">\u00a0Paradiso Images<\/a>. Tamb\u00e9 faig exposicions temporals.<\/p>\n<p>Consultar el calendari d\u2019exposicions et permet descobrir noves col\u00b7leccions i seguir l\u2019evoluci\u00f3 del meu treball com a artista visual contemporani.<\/p>\n<\/details>\n<details open=\"open\">\n<summary><b>Com puc contractar un taller o activitat art\u00edstica?<\/b><\/summary>\n<p><span style=\"font-weight: 400;\">Nom\u00e9s cal contactar a trav\u00e9s de la p\u00e0gina web o xarxes socials. Explica el teu projecte, objectius i ubicaci\u00f3. Et proposar\u00e9 un format personalitzat i adequat.<br \/>\n<\/span><\/p>\n<p><span style=\"font-weight: 400;\">Els tallers es poden fer a escoles, museus o espais culturals a Barcelona o rodalies. S\u00f3n ideals per fomentar la creativitat en grup.<\/span><\/p>\n<\/details>\n<\/div><\/div><\/div><div class=\"spacer spacer-big\"><\/div>\n","protected":false},"excerpt":{"rendered":"","protected":false},"author":2,"featured_media":0,"parent":0,"menu_order":0,"comment_status":"closed","ping_status":"closed","template":"","meta":{"footnotes":""},"class_list":["post-1292","page","type-page","status-publish","hentry"],"_links":{"self":[{"href":"https:\/\/enricservera.com\/ca\/wp-json\/wp\/v2\/pages\/1292","targetHints":{"allow":["GET"]}}],"collection":[{"href":"https:\/\/enricservera.com\/ca\/wp-json\/wp\/v2\/pages"}],"about":[{"href":"https:\/\/enricservera.com\/ca\/wp-json\/wp\/v2\/types\/page"}],"author":[{"embeddable":true,"href":"https:\/\/enricservera.com\/ca\/wp-json\/wp\/v2\/users\/2"}],"replies":[{"embeddable":true,"href":"https:\/\/enricservera.com\/ca\/wp-json\/wp\/v2\/comments?post=1292"}],"version-history":[{"count":24,"href":"https:\/\/enricservera.com\/ca\/wp-json\/wp\/v2\/pages\/1292\/revisions"}],"predecessor-version":[{"id":2827,"href":"https:\/\/enricservera.com\/ca\/wp-json\/wp\/v2\/pages\/1292\/revisions\/2827"}],"wp:attachment":[{"href":"https:\/\/enricservera.com\/ca\/wp-json\/wp\/v2\/media?parent=1292"}],"curies":[{"name":"wp","href":"https:\/\/api.w.org\/{rel}","templated":true}]}}